{"id":303,"date":"2017-12-19T19:20:57","date_gmt":"2017-12-19T18:20:57","guid":{"rendered":"http:\/\/www.lacore.ch\/co\/?page_id=303"},"modified":"2022-12-23T09:59:42","modified_gmt":"2022-12-23T08:59:42","slug":"projet-professionnel","status":"publish","type":"page","link":"https:\/\/lacore.ch\/co\/projet-professionnel\/","title":{"rendered":"Projet professionnel"},"content":{"rendered":"<section class=\"l-section wpb_row height_small\"><div class=\"l-section-h i-cf\"><div class=\"g-cols vc_row via_flex valign_top type_default stacking_default\"><div class=\"vc_col-sm-12 wpb_column vc_column_container\"><div class=\"vc_column-inner\"><div class=\"wpb_wrapper\"><div class=\"w-image align_left us_animate_afc\"><div class=\"w-image-h\"><img loading=\"lazy\" decoding=\"async\" width=\"960\" height=\"161\" src=\"https:\/\/lacore.ch\/co\/wp-content\/uploads\/2017\/12\/Title-Cap-Formation-TM.png\" class=\"attachment-large size-large\" alt=\"\" srcset=\"https:\/\/lacore.ch\/co\/wp-content\/uploads\/2017\/12\/Title-Cap-Formation-TM.png 960w, https:\/\/lacore.ch\/co\/wp-content\/uploads\/2017\/12\/Title-Cap-Formation-TM-300x50.png 300w, https:\/\/lacore.ch\/co\/wp-content\/uploads\/2017\/12\/Title-Cap-Formation-TM-768x129.png 768w\" sizes=\"auto, (max-width: 960px) 100vw, 960px\" \/><\/div><\/div><\/div><\/div><\/div><\/div><\/div><\/section><section class=\"l-section wpb_row height_auto\"><div class=\"l-section-h i-cf\"><div class=\"g-cols vc_row via_flex valign_top type_default stacking_default\"><div class=\"vc_col-sm-12 wpb_column vc_column_container\"><div class=\"vc_column-inner\"><div class=\"wpb_wrapper\"><div class=\"g-cols wpb_row via_flex valign_top type_default stacking_default\"><div class=\"vc_col-sm-6 wpb_column vc_column_container\"><div class=\"vc_column-inner\"><div class=\"wpb_wrapper\"><div class=\"wpb_text_column\"><div class=\"wpb_wrapper\"><p>L\u2019\u00e9quipe p\u00e9dagogique du cycle de l\u2019Acore, en \u00e9troite collaboration avec les familles et les \u00e9l\u00e8ves, travaille \u00e0 la mise en place d\u2019un projet de formation professionnelle d\u00e8s la 10<sup>\u00e8me<\/sup>, dans le but d\u2019accompagner les jeunes et de les familiariser avec les r\u00e9alit\u00e9s du monde du travail.<\/p>\n<p>Les jeunes b\u00e9n\u00e9ficient de cours d\u2019Information Professionnelle et Projet d\u2019Orientation (IPPO), ainsi que de stages en entreprise dans les domaines qu\u2019ils ont choisis. Les membres de l\u2019\u00e9quipe travaillent \u00e9galement au d\u00e9veloppement du savoir \u00eatre dans le monde de l\u2019entreprise afin de leur donner les meilleures chances de r\u00e9ussite.<\/p>\n<\/div><\/div><\/div><\/div><\/div><div class=\"vc_col-sm-6 wpb_column vc_column_container\"><div class=\"vc_column-inner\"><div class=\"wpb_wrapper\"><div class=\"w-image align_none\"><div class=\"w-image-h\"><img loading=\"lazy\" decoding=\"async\" width=\"1024\" height=\"533\" src=\"https:\/\/lacore.ch\/co\/wp-content\/uploads\/2017\/12\/projet-pro-1024x533.jpg\" class=\"attachment-large size-large\" alt=\"\" srcset=\"https:\/\/lacore.ch\/co\/wp-content\/uploads\/2017\/12\/projet-pro-1024x533.jpg 1024w, https:\/\/lacore.ch\/co\/wp-content\/uploads\/2017\/12\/projet-pro-300x156.jpg 300w, https:\/\/lacore.ch\/co\/wp-content\/uploads\/2017\/12\/projet-pro-768x400.jpg 768w, https:\/\/lacore.ch\/co\/wp-content\/uploads\/2017\/12\/projet-pro.jpg 1383w\" sizes=\"auto, (max-width: 1024px) 100vw, 1024px\" \/><\/div><\/div><div class=\"ult-spacer spacer-69f278b7bd3ed\" data-id=\"69f278b7bd3ed\" data-height=\"20\" data-height-mobile=\"20\" data-height-tab=\"20\" data-height-tab-portrait=\"\" data-height-mobile-landscape=\"\" style=\"clear:both;display:block;\"><\/div><\/div><\/div><\/div><\/div><\/div><\/div><\/div><\/div><\/div><\/section><section class=\"l-section wpb_row height_small color_primary\"><div class=\"l-section-h i-cf\"><div class=\"g-cols vc_row via_flex valign_top type_default stacking_default\"><div class=\"vc_col-sm-12 wpb_column vc_column_container\"><div class=\"vc_column-inner\"><div class=\"wpb_wrapper\"><div class=\"g-cols wpb_row via_flex valign_top type_default stacking_default\"><div class=\"vc_col-sm-12 wpb_column vc_column_container\"><div class=\"vc_column-inner\"><div class=\"wpb_wrapper\"><div class=\"wpb_text_column\"><div class=\"wpb_wrapper\"><h5>Nous remercions nos partenaires pour leur collaboration ainsi que leur pr\u00e9occupation pour l\u2019insertion professionnelle des travailleurs de demain.<\/h5>\n<\/div><\/div><\/div><\/div><\/div><\/div><div class=\" vc_custom_1538673283148 uavc-icons-center uavc-icons \">\n<a class=\"aio-tooltip 69f278b7bea44\" href=\"#partner-gallery\"  data-toggle=\"tooltip\" data-placement=\"\" title=\"\"><div class=\"aio-icon  \" data-animation=\"fadeInDown\" data-animation-delay=\"03\" style=\"color:#ffffff;font-size:48px;margin-right:5px;\">\n\t<i class=\"Defaults-angle-double-down\"><\/i>\n<\/div><\/a><\/div><\/div><\/div><\/div><\/div><\/div><\/section><section class=\"l-section wpb_row height_small\" id=\"partner-gallery\"><div class=\"l-section-h i-cf\"><div class=\"g-cols vc_row via_flex valign_top type_default stacking_default\"><div class=\"vc_col-sm-12 wpb_column vc_column_container\"><div class=\"vc_column-inner\"><div class=\"wpb_wrapper\"><div class=\"g-cols wpb_row via_flex valign_top type_default stacking_default\"><div class=\"vc_col-sm-12 wpb_column vc_column_container\"><div class=\"vc_column-inner\"><div class=\"wpb_wrapper\"><div class=\"wpb_text_column\"><div class=\"wpb_wrapper\"><h3>Entreprises formatrices partenaires<\/h3>\n<\/div><\/div><div class=\"ult-spacer spacer-69f278b7bffc9\" data-id=\"69f278b7bffc9\" data-height=\"10\" data-height-mobile=\"10\" data-height-tab=\"10\" data-height-tab-portrait=\"\" data-height-mobile-landscape=\"\" style=\"clear:both;display:block;\"><\/div><\/div><\/div><\/div><\/div><div class=\"g-cols wpb_row via_flex valign_top type_default stacking_default\"><div class=\"vc_col-sm-4 wpb_column vc_column_container\"><div class=\"vc_column-inner\"><div class=\"wpb_wrapper\"><div class=\"ult-new-ib ult-ib-effect-style5  ult-ib-resp  \" data-min-width=\"768\" data-max-width=\"900\" style=\"background:#bd6122;\" data-opacity=\"1\" data-hover-opacity=\"1\" ><img decoding=\"async\" class=\"ult-new-ib-img\" style=\"opacity:1;\" alt=\"null\" src=\"https:\/\/lacore.ch\/co\/wp-content\/uploads\/2017\/12\/vg-3-armoiries-thonex.jpg\"   \/><div id=\"interactive-banner-wrap-2769\" class=\"ult-new-ib-desc\" style=\"background:banner_style;\"><h2 class=\"ult-new-ib-title ult-responsive\"  data-ultimate-target='#interactive-banner-wrap-2769 .ult-new-ib-title'  data-responsive-json-new='{\"font-size\":\"\",\"line-height\":\"\"}'  style=\"font-weight:normal;color:#ffffff;\">Auberge communale de Th\u00f4nex, chez Alain<\/h2><\/div><a class=\"ult-new-ib-link\" href=\"http:\/\/www.aubergedethonex.ch\/2018\/\" title=\"Auberge communale de Th\u00f4nex\" target=\"_blank\" rel=\"noopener\"  ><\/a><\/div><\/div><\/div><\/div><div class=\"vc_col-sm-4 wpb_column vc_column_container\"><div class=\"vc_column-inner\"><div class=\"wpb_wrapper\"><div class=\"ult-new-ib ult-ib-effect-style5  ult-ib-resp  \" data-min-width=\"768\" data-max-width=\"900\" style=\"background:#bd6122;\" data-opacity=\"1\" data-hover-opacity=\"1\" ><img decoding=\"async\" class=\"ult-new-ib-img\" style=\"opacity:1;\" alt=\"null\" src=\"https:\/\/lacore.ch\/co\/wp-content\/uploads\/2017\/12\/logoDecora.jpg\"   \/><div id=\"interactive-banner-wrap-7705\" class=\"ult-new-ib-desc\" style=\"background:banner_style;\"><h2 class=\"ult-new-ib-title ult-responsive\"  data-ultimate-target='#interactive-banner-wrap-7705 .ult-new-ib-title'  data-responsive-json-new='{\"font-size\":\"\",\"line-height\":\"\"}'  style=\"font-weight:normal;color:#ffffff;\">D\u00e9cora publicit\u00e9<\/h2><\/div><a class=\"ult-new-ib-link\" href=\"http:\/\/www.decora-pub.ch\/\" title=\"D\u00e9cora publicit\u00e9\" target=\"_blank\" rel=\"noopener\"  ><\/a><\/div><\/div><\/div><\/div><div class=\"vc_col-sm-4 wpb_column vc_column_container\"><div class=\"vc_column-inner\"><div class=\"wpb_wrapper\"><div class=\"ult-new-ib ult-ib-effect-style5  ult-ib-resp  \" data-min-width=\"768\" data-max-width=\"900\" style=\"background:#bcbab8;\" data-opacity=\"1\" data-hover-opacity=\"1\" ><img decoding=\"async\" class=\"ult-new-ib-img\" style=\"opacity:1;\" alt=\"null\" src=\"https:\/\/lacore.ch\/co\/wp-content\/uploads\/2018\/10\/EtatGE-DGSIN-logo-lacore.png\"   \/><div id=\"interactive-banner-wrap-4295\" class=\"ult-new-ib-desc\" style=\"background:banner_style;\"><h2 class=\"ult-new-ib-title ult-responsive\"  data-ultimate-target='#interactive-banner-wrap-4295 .ult-new-ib-title'  data-responsive-json-new='{\"font-size\":\"\",\"line-height\":\"\"}'  style=\"font-weight:normal;color:#ffffff;\">Direction g\u00e9n\u00e9rale des syst\u00e8mes d'information et du num\u00e9rique (DGSIN)<\/h2><\/div><a class=\"ult-new-ib-link\" href=\"https:\/\/www.ge.ch\" title=\"Direction g\u00e9n\u00e9rale des syst\u00e8mes d&#039;information et du num\u00e9rique (DGSIN)\" target=\"_blank\" rel=\"noopener\"  ><\/a><\/div><\/div><\/div><\/div><\/div><div class=\"g-cols wpb_row via_flex valign_top type_default stacking_default\"><div class=\"vc_col-sm-4 wpb_column vc_column_container\"><div class=\"vc_column-inner\"><div class=\"wpb_wrapper\"><div class=\"ult-new-ib ult-ib-effect-style5  ult-ib-resp  \" data-min-width=\"768\" data-max-width=\"900\" style=\"background:#bd6122;\" data-opacity=\"1\" data-hover-opacity=\"1\" ><img decoding=\"async\" class=\"ult-new-ib-img\" style=\"opacity:1;\" alt=\"null\" src=\"https:\/\/lacore.ch\/co\/wp-content\/uploads\/2018\/10\/EcoleSupe\u0301rieureDeCoiffure-LAcore.jpg\"   \/><div id=\"interactive-banner-wrap-6814\" class=\"ult-new-ib-desc\" style=\"background:banner_style;\"><h2 class=\"ult-new-ib-title ult-responsive\"  data-ultimate-target='#interactive-banner-wrap-6814 .ult-new-ib-title'  data-responsive-json-new='{\"font-size\":\"\",\"line-height\":\"\"}'  style=\"font-weight:normal;color:#ffffff;\">Ecole Sup\u00e9rieure de Coiffure ESC SA<\/h2><\/div><a class=\"ult-new-ib-link\" href=\"http:\/\/www.escge.com\" title=\"Ecole Sup\u00e9rieure de Coiffure ESC SA\" target=\"_blank\" rel=\"noopener\"  ><\/a><\/div><\/div><\/div><\/div><div class=\"vc_col-sm-4 wpb_column vc_column_container\"><div class=\"vc_column-inner\"><div class=\"wpb_wrapper\"><div class=\"ult-new-ib ult-ib-effect-style5  ult-ib-resp  \" data-min-width=\"768\" data-max-width=\"900\" style=\"background:#bd6122;\" data-opacity=\"1\" data-hover-opacity=\"1\" ><img decoding=\"async\" class=\"ult-new-ib-img\" style=\"opacity:1;\" alt=\"null\" src=\"https:\/\/lacore.ch\/co\/wp-content\/uploads\/2018\/10\/Spinelli-logo-lacore.png\"   \/><div id=\"interactive-banner-wrap-9448\" class=\"ult-new-ib-desc\" style=\"background:banner_style;\"><h2 class=\"ult-new-ib-title ult-responsive\"  data-ultimate-target='#interactive-banner-wrap-9448 .ult-new-ib-title'  data-responsive-json-new='{\"font-size\":\"\",\"line-height\":\"\"}'  style=\"font-weight:normal;color:#ffffff;\">Entreprise Spinelli SA<\/h2><\/div><a class=\"ult-new-ib-link\" href=\"http:\/\/www.spinelli.swiss\" title=\"Entreprise Spinelli SA\" target=\"_blank\" rel=\"noopener\"  ><\/a><\/div><\/div><\/div><\/div><div class=\"vc_col-sm-4 wpb_column vc_column_container\"><div class=\"vc_column-inner\"><div class=\"wpb_wrapper\"><div class=\"ult-new-ib ult-ib-effect-style5  ult-ib-resp  \" data-min-width=\"768\" data-max-width=\"900\" style=\"background:#bd6122;\" data-opacity=\"1\" data-hover-opacity=\"1\" ><img decoding=\"async\" class=\"ult-new-ib-img\" style=\"opacity:1;\" alt=\"null\" src=\"https:\/\/lacore.ch\/co\/wp-content\/uploads\/2022\/12\/Logo-recto-JPG-2.jpg\"   \/><div id=\"interactive-banner-wrap-3141\" class=\"ult-new-ib-desc\" style=\"background:banner_style;\"><h2 class=\"ult-new-ib-title ult-responsive\"  data-ultimate-target='#interactive-banner-wrap-3141 .ult-new-ib-title'  data-responsive-json-new='{\"font-size\":\"\",\"line-height\":\"\"}'  style=\"font-weight:normal;color:#ffffff;\">Flower Addict<\/h2><\/div><a class=\"ult-new-ib-link\" href=\"https:\/\/www.floweraddictge.ch\/\" title=\"Sweetcom S\u00e0rl\" target=\"_blank\" rel=\"noopener\"  ><\/a><\/div><\/div><\/div><\/div><\/div><div class=\"g-cols wpb_row via_flex valign_top type_default stacking_default\"><div class=\"vc_col-sm-4 wpb_column vc_column_container\"><div class=\"vc_column-inner\"><div class=\"wpb_wrapper\"><div class=\"ult-new-ib ult-ib-effect-style5  ult-ib-resp  \" data-min-width=\"768\" data-max-width=\"900\" style=\"background:#bd6122;\" data-opacity=\"1\" data-hover-opacity=\"1\" ><img decoding=\"async\" class=\"ult-new-ib-img\" style=\"opacity:1;\" alt=\"null\" src=\"https:\/\/lacore.ch\/co\/wp-content\/uploads\/2017\/12\/logos-JuanRodrigez.jpg\"   \/><div id=\"interactive-banner-wrap-2880\" class=\"ult-new-ib-desc\" style=\"background:banner_style;\"><h2 class=\"ult-new-ib-title ult-responsive\"  data-ultimate-target='#interactive-banner-wrap-2880 .ult-new-ib-title'  data-responsive-json-new='{\"font-size\":\"\",\"line-height\":\"\"}'  style=\"font-weight:normal;color:#ffffff;\">Menuiserie Juan Rodriguez<\/h2><\/div><a class=\"ult-new-ib-link\" href=\"http:\/\/www.menuiserierodriguez.ch\/\" title=\"Menuiserie Juan Rodriguez\" target=\"_blank\" rel=\"noopener\"  ><\/a><\/div><\/div><\/div><\/div><div class=\"vc_col-sm-4 wpb_column vc_column_container\"><div class=\"vc_column-inner\"><div class=\"wpb_wrapper\"><div class=\"ult-new-ib ult-ib-effect-style5  ult-ib-resp  \" data-min-width=\"768\" data-max-width=\"900\" style=\"background:#bcbab8;\" data-opacity=\"1\" data-hover-opacity=\"1\" ><img decoding=\"async\" class=\"ult-new-ib-img\" style=\"opacity:1;\" alt=\"null\" src=\"https:\/\/lacore.ch\/co\/wp-content\/uploads\/2017\/12\/Motosport-logo-lAcore.png\"   \/><div id=\"interactive-banner-wrap-1681\" class=\"ult-new-ib-desc\" style=\"background:banner_style;\"><h2 class=\"ult-new-ib-title ult-responsive\"  data-ultimate-target='#interactive-banner-wrap-1681 .ult-new-ib-title'  data-responsive-json-new='{\"font-size\":\"\",\"line-height\":\"\"}'  style=\"font-weight:normal;color:#ffffff;\">Motosport Gen\u00e8ve<\/h2><\/div><a class=\"ult-new-ib-link\" href=\"http:\/\/www.motosport-ge.ch\" title=\"Motosport Gen\u00e8ve\" target=\"_blank\" rel=\"noopener\"  ><\/a><\/div><\/div><\/div><\/div><div class=\"vc_col-sm-4 wpb_column vc_column_container\"><div class=\"vc_column-inner\"><div class=\"wpb_wrapper\"><div class=\"ult-new-ib ult-ib-effect-style5  ult-ib-resp  \" data-min-width=\"768\" data-max-width=\"900\" style=\"background:#bd6122;\" data-opacity=\"1\" data-hover-opacity=\"1\" ><img decoding=\"async\" class=\"ult-new-ib-img\" style=\"opacity:1;\" alt=\"null\" src=\"https:\/\/lacore.ch\/co\/wp-content\/uploads\/2018\/10\/Museum-logo-lacore.png\"   \/><div id=\"interactive-banner-wrap-2416\" class=\"ult-new-ib-desc\" style=\"background:banner_style;\"><h2 class=\"ult-new-ib-title ult-responsive\"  data-ultimate-target='#interactive-banner-wrap-2416 .ult-new-ib-title'  data-responsive-json-new='{\"font-size\":\"\",\"line-height\":\"\"}'  style=\"font-weight:normal;color:#ffffff;\">Mus\u00e9um d'histoire naturelle (MHN)<\/h2><\/div><a class=\"ult-new-ib-link\" href=\"http:\/\/institutions.ville-geneve.ch\/fr\/mhn\/\" title=\"Mus\u00e9um d&#039;histoire naturelle (MHN)\" target=\"_blank\" rel=\"noopener\"  ><\/a><\/div><\/div><\/div><\/div><\/div><div class=\"g-cols wpb_row via_flex valign_top type_default stacking_default\"><div class=\"vc_col-sm-4 wpb_column vc_column_container\"><div class=\"vc_column-inner\"><div class=\"wpb_wrapper\"><div class=\"ult-new-ib ult-ib-effect-style5  ult-ib-resp  \" data-min-width=\"768\" data-max-width=\"900\" style=\"background:#bcbab8;\" data-opacity=\"1\" data-hover-opacity=\"1\" ><img decoding=\"async\" class=\"ult-new-ib-img\" style=\"opacity:1;\" alt=\"null\" src=\"https:\/\/lacore.ch\/co\/wp-content\/uploads\/2017\/12\/Le\u0301opard-resto-logo-lAcore.png\"   \/><div id=\"interactive-banner-wrap-6497\" class=\"ult-new-ib-desc\" style=\"background:banner_style;\"><h2 class=\"ult-new-ib-title ult-responsive\"  data-ultimate-target='#interactive-banner-wrap-6497 .ult-new-ib-title'  data-responsive-json-new='{\"font-size\":\"\",\"line-height\":\"\"}'  style=\"font-weight:normal;color:#ffffff;\">Restaurant Le L\u00e9opard<\/h2><\/div><a class=\"ult-new-ib-link\" href=\"https:\/\/fr-fr.facebook.com\/restaurantleleopard\/\" title=\"Restaurant Le L\u00e9opard\" target=\"_blank\" rel=\"noopener\"  ><\/a><\/div><\/div><\/div><\/div><div class=\"vc_col-sm-4 wpb_column vc_column_container\"><div class=\"vc_column-inner\"><div class=\"wpb_wrapper\"><div class=\"ult-new-ib ult-ib-effect-style5  ult-ib-resp  \" data-min-width=\"768\" data-max-width=\"900\" style=\"background:#bd6122;\" data-opacity=\"1\" data-hover-opacity=\"1\" ><img decoding=\"async\" class=\"ult-new-ib-img\" style=\"opacity:1;\" alt=\"null\" src=\"https:\/\/lacore.ch\/co\/wp-content\/uploads\/2018\/10\/Starling-logo-lacore.png\"   \/><div id=\"interactive-banner-wrap-7730\" class=\"ult-new-ib-desc\" style=\"background:banner_style;\"><h2 class=\"ult-new-ib-title ult-responsive\"  data-ultimate-target='#interactive-banner-wrap-7730 .ult-new-ib-title'  data-responsive-json-new='{\"font-size\":\"\",\"line-height\":\"\"}'  style=\"font-weight:normal;color:#ffffff;\">Starling Geneva Hotel &amp; Conference Center<\/h2><\/div><a class=\"ult-new-ib-link\" href=\"http:\/\/www.shgeneva.com\" title=\"Starling Geneva Hotel &amp; Conference Center\" target=\"_blank\" rel=\"noopener\"  ><\/a><\/div><\/div><\/div><\/div><div class=\"vc_col-sm-4 wpb_column vc_column_container\"><div class=\"vc_column-inner\"><div class=\"wpb_wrapper\"><div class=\"ult-new-ib ult-ib-effect-style5  ult-ib-resp  \" data-min-width=\"768\" data-max-width=\"900\" style=\"background:#bd6122;\" data-opacity=\"1\" data-hover-opacity=\"1\" ><img decoding=\"async\" class=\"ult-new-ib-img\" style=\"opacity:1;\" alt=\"null\" src=\"https:\/\/lacore.ch\/co\/wp-content\/uploads\/2017\/12\/logo-sweetcom.jpg\"   \/><div id=\"interactive-banner-wrap-5499\" class=\"ult-new-ib-desc\" style=\"background:banner_style;\"><h2 class=\"ult-new-ib-title ult-responsive\"  data-ultimate-target='#interactive-banner-wrap-5499 .ult-new-ib-title'  data-responsive-json-new='{\"font-size\":\"\",\"line-height\":\"\"}'  style=\"font-weight:normal;color:#ffffff;\">Sweetcom S\u00e0rl<\/h2><\/div><a class=\"ult-new-ib-link\" href=\"https:\/\/sweetcom.ch\/\" title=\"Sweetcom S\u00e0rl\" target=\"_blank\" rel=\"noopener\"  ><\/a><\/div><\/div><\/div><\/div><\/div><\/div><\/div><\/div><\/div><\/div><\/section><section class=\"l-section wpb_row height_medium\"><div class=\"l-section-h i-cf\"><div class=\"g-cols vc_row via_flex valign_top type_default stacking_default\"><div class=\"vc_col-sm-12 wpb_column vc_column_container\"><div class=\"vc_column-inner\"><div class=\"wpb_wrapper\"><\/div><\/div><\/div><\/div><\/div><\/section>\n","protected":false},"excerpt":{"rendered":"L\u2019\u00e9quipe p\u00e9dagogique du cycle de l\u2019Acore, en \u00e9troite collaboration avec les familles et les \u00e9l\u00e8ves, travaille \u00e0 la mise en place d\u2019un projet de formation professionnelle d\u00e8s la 10\u00e8me, dans le but d\u2019accompagner les jeunes et de les familiariser avec les r\u00e9alit\u00e9s du monde du travail. Les jeunes b\u00e9n\u00e9ficient de cours d\u2019Information Professionnelle et Projet...","protected":false},"author":5,"featured_media":0,"parent":0,"menu_order":0,"comment_status":"closed","ping_status":"closed","template":"","meta":{"footnotes":""},"class_list":["post-303","page","type-page","status-publish","hentry"],"yoast_head":"<!-- This site is optimized with the Yoast SEO plugin v26.8 - https:\/\/yoast.com\/product\/yoast-seo-wordpress\/ -->\n<title>Cap sur la formation professionnelle - L&#039;Acore cycle d&#039;orientation priv\u00e9<\/title>\n<meta name=\"description\" content=\"L\u2019\u00e9quipe p\u00e9dagogique du cycle de l\u2019Acore, en \u00e9troite collaboration avec les familles et les \u00e9l\u00e8ves, met en place des projets de formation...\" \/>\n<meta name=\"robots\" content=\"index, follow, max-snippet:-1, max-image-preview:large, max-video-preview:-1\" \/>\n<link rel=\"canonical\" href=\"https:\/\/lacore.ch\/co\/projet-professionnel\/\" \/>\n<meta property=\"og:locale\" content=\"fr_FR\" \/>\n<meta property=\"og:type\" content=\"article\" \/>\n<meta property=\"og:title\" content=\"Cap sur la formation professionnelle - L&#039;Acore cycle d&#039;orientation priv\u00e9\" \/>\n<meta property=\"og:description\" content=\"L\u2019\u00e9quipe p\u00e9dagogique du cycle de l\u2019Acore, en \u00e9troite collaboration avec les familles et les \u00e9l\u00e8ves, met en place des projets de formation...\" \/>\n<meta property=\"og:url\" content=\"https:\/\/lacore.ch\/co\/projet-professionnel\/\" \/>\n<meta property=\"og:site_name\" content=\"L&#039;Acore\" \/>\n<meta property=\"article:modified_time\" content=\"2022-12-23T08:59:42+00:00\" \/>\n<meta name=\"twitter:card\" content=\"summary_large_image\" \/>\n<meta name=\"twitter:label1\" content=\"Dur\u00e9e de lecture estim\u00e9e\" \/>\n\t<meta name=\"twitter:data1\" content=\"2 minutes\" \/>\n<script type=\"application\/ld+json\" class=\"yoast-schema-graph\">{\"@context\":\"https:\/\/schema.org\",\"@graph\":[{\"@type\":\"WebPage\",\"@id\":\"https:\/\/lacore.ch\/co\/projet-professionnel\/\",\"url\":\"https:\/\/lacore.ch\/co\/projet-professionnel\/\",\"name\":\"Cap sur la formation professionnelle - L'Acore cycle d'orientation priv\u00e9\",\"isPartOf\":{\"@id\":\"https:\/\/lacore.ch\/co\/#website\"},\"datePublished\":\"2017-12-19T18:20:57+00:00\",\"dateModified\":\"2022-12-23T08:59:42+00:00\",\"description\":\"L\u2019\u00e9quipe p\u00e9dagogique du cycle de l\u2019Acore, en \u00e9troite collaboration avec les familles et les \u00e9l\u00e8ves, met en place des projets de formation...\",\"breadcrumb\":{\"@id\":\"https:\/\/lacore.ch\/co\/projet-professionnel\/#breadcrumb\"},\"inLanguage\":\"fr-FR\",\"potentialAction\":[{\"@type\":\"ReadAction\",\"target\":[\"https:\/\/lacore.ch\/co\/projet-professionnel\/\"]}]},{\"@type\":\"BreadcrumbList\",\"@id\":\"https:\/\/lacore.ch\/co\/projet-professionnel\/#breadcrumb\",\"itemListElement\":[{\"@type\":\"ListItem\",\"position\":1,\"name\":\"Accueil\",\"item\":\"https:\/\/lacore.ch\/co\/\"},{\"@type\":\"ListItem\",\"position\":2,\"name\":\"Projet professionnel\"}]},{\"@type\":\"WebSite\",\"@id\":\"https:\/\/lacore.ch\/co\/#website\",\"url\":\"https:\/\/lacore.ch\/co\/\",\"name\":\"L&#039;Acore\",\"description\":\"Cycle d&#039;orientation priv\u00e9\",\"potentialAction\":[{\"@type\":\"SearchAction\",\"target\":{\"@type\":\"EntryPoint\",\"urlTemplate\":\"https:\/\/lacore.ch\/co\/?s={search_term_string}\"},\"query-input\":{\"@type\":\"PropertyValueSpecification\",\"valueRequired\":true,\"valueName\":\"search_term_string\"}}],\"inLanguage\":\"fr-FR\"}]}<\/script>\n<!-- \/ Yoast SEO plugin. -->","yoast_head_json":{"title":"Cap sur la formation professionnelle - L'Acore cycle d'orientation priv\u00e9","description":"L\u2019\u00e9quipe p\u00e9dagogique du cycle de l\u2019Acore, en \u00e9troite collaboration avec les familles et les \u00e9l\u00e8ves, met en place des projets de formation...","robots":{"index":"index","follow":"follow","max-snippet":"max-snippet:-1","max-image-preview":"max-image-preview:large","max-video-preview":"max-video-preview:-1"},"canonical":"https:\/\/lacore.ch\/co\/projet-professionnel\/","og_locale":"fr_FR","og_type":"article","og_title":"Cap sur la formation professionnelle - L'Acore cycle d'orientation priv\u00e9","og_description":"L\u2019\u00e9quipe p\u00e9dagogique du cycle de l\u2019Acore, en \u00e9troite collaboration avec les familles et les \u00e9l\u00e8ves, met en place des projets de formation...","og_url":"https:\/\/lacore.ch\/co\/projet-professionnel\/","og_site_name":"L&#039;Acore","article_modified_time":"2022-12-23T08:59:42+00:00","twitter_card":"summary_large_image","twitter_misc":{"Dur\u00e9e de lecture estim\u00e9e":"2 minutes"},"schema":{"@context":"https:\/\/schema.org","@graph":[{"@type":"WebPage","@id":"https:\/\/lacore.ch\/co\/projet-professionnel\/","url":"https:\/\/lacore.ch\/co\/projet-professionnel\/","name":"Cap sur la formation professionnelle - L'Acore cycle d'orientation priv\u00e9","isPartOf":{"@id":"https:\/\/lacore.ch\/co\/#website"},"datePublished":"2017-12-19T18:20:57+00:00","dateModified":"2022-12-23T08:59:42+00:00","description":"L\u2019\u00e9quipe p\u00e9dagogique du cycle de l\u2019Acore, en \u00e9troite collaboration avec les familles et les \u00e9l\u00e8ves, met en place des projets de formation...","breadcrumb":{"@id":"https:\/\/lacore.ch\/co\/projet-professionnel\/#breadcrumb"},"inLanguage":"fr-FR","potentialAction":[{"@type":"ReadAction","target":["https:\/\/lacore.ch\/co\/projet-professionnel\/"]}]},{"@type":"BreadcrumbList","@id":"https:\/\/lacore.ch\/co\/projet-professionnel\/#breadcrumb","itemListElement":[{"@type":"ListItem","position":1,"name":"Accueil","item":"https:\/\/lacore.ch\/co\/"},{"@type":"ListItem","position":2,"name":"Projet professionnel"}]},{"@type":"WebSite","@id":"https:\/\/lacore.ch\/co\/#website","url":"https:\/\/lacore.ch\/co\/","name":"L&#039;Acore","description":"Cycle d&#039;orientation priv\u00e9","potentialAction":[{"@type":"SearchAction","target":{"@type":"EntryPoint","urlTemplate":"https:\/\/lacore.ch\/co\/?s={search_term_string}"},"query-input":{"@type":"PropertyValueSpecification","valueRequired":true,"valueName":"search_term_string"}}],"inLanguage":"fr-FR"}]}},"_links":{"self":[{"href":"https:\/\/lacore.ch\/co\/wp-json\/wp\/v2\/pages\/303","targetHints":{"allow":["GET"]}}],"collection":[{"href":"https:\/\/lacore.ch\/co\/wp-json\/wp\/v2\/pages"}],"about":[{"href":"https:\/\/lacore.ch\/co\/wp-json\/wp\/v2\/types\/page"}],"author":[{"embeddable":true,"href":"https:\/\/lacore.ch\/co\/wp-json\/wp\/v2\/users\/5"}],"replies":[{"embeddable":true,"href":"https:\/\/lacore.ch\/co\/wp-json\/wp\/v2\/comments?post=303"}],"version-history":[{"count":3,"href":"https:\/\/lacore.ch\/co\/wp-json\/wp\/v2\/pages\/303\/revisions"}],"predecessor-version":[{"id":813,"href":"https:\/\/lacore.ch\/co\/wp-json\/wp\/v2\/pages\/303\/revisions\/813"}],"wp:attachment":[{"href":"https:\/\/lacore.ch\/co\/wp-json\/wp\/v2\/media?parent=303"}],"curies":[{"name":"wp","href":"https:\/\/api.w.org\/{rel}","templated":true}]}}